{"id":3949,"date":"2020-04-21T16:34:19","date_gmt":"2020-04-21T14:34:19","guid":{"rendered":"http:\/\/istruttorecinofilo.it\/blog\/?page_id=3949"},"modified":"2026-01-04T16:38:23","modified_gmt":"2026-01-04T15:38:23","slug":"meditazione-evoluzione-personale","status":"publish","type":"page","link":"https:\/\/istruttorecinofilo.it\/blog\/meditazione-evoluzione-personale\/","title":{"rendered":"Meditazione &#8211; Evoluzione Personale"},"content":{"rendered":"<p><em>La mia passione per i cani, mi ha portato a studiare oltre al loro linguaggio, comportamento, segnali, anche le loro emozioni e l&#8217;influenza che le emozioni delle persone hanno sul cane.<\/em><\/p>\n<p><em>Nel giugno 2014 durante la lettura di un libro, una pagina di questo libro mi ha colpito e fatto riflettere, facendo crescere in me il desiderio di conoscere la meditazione in tutti i suoi aspetti, compreso l&#8217;influenza che il respiro ha sulle emozioni delle persone e come avevo gi\u00e0 intuito e sperimentato anche sui cani. <\/em><\/p>\n<p><em>Per questo ho incominciato il mio percorso di meditazione e evoluzione personale, in quanto ero ben cosciente e me lo ha confermato poi la pratica, che prima di applicare in ambito dell&#8217;Educazione Cinofila Emozionale Comportamentale, le mie idee, la mia intuizione, dovevo prima iniziare, imparare la Meditazione, la gestione del respiro, delle emozioni, degli stati d&#8217;animo e tutti gli aspetti collegati al corpo, alla mente, alle emozioni, alla nostra anima su di me, imparando io per primo. E cosi ho fatto!<\/em><\/p>\n<p><em>Stefano Pesci<\/em><\/p>\n<p>&nbsp;<\/p>\n<h3 style=\"text-align: center;\"><\/h3>\n<p><a href=\"https:\/\/istruttorecinofilo.it\/blog\/fiori-bach-cani\/\"><img decoding=\"async\" class=\"size-full wp-image-3983 aligncenter\" src=\"https:\/\/istruttorecinofilo.it\/blog\/wp-content\/uploads\/2020\/04\/meditazione_snoopy.jpg\" alt=\"MEDITAZIONE EVOLUZIONE PERSONALE - STEFANO PESCI ISTRUTTORE EDUCATORE CINOFILO COMPORTAMENTALE\" width=\"236\" height=\"396\" srcset=\"https:\/\/istruttorecinofilo.it\/blog\/wp-content\/uploads\/2020\/04\/meditazione_snoopy-179x300.jpg 179w, https:\/\/istruttorecinofilo.it\/blog\/wp-content\/uploads\/2020\/04\/meditazione_snoopy-200x336.jpg 200w, https:\/\/istruttorecinofilo.it\/blog\/wp-content\/uploads\/2020\/04\/meditazione_snoopy.jpg 236w\" sizes=\"(max-width: 236px) 100vw, 236px\" \/><\/a><\/p>\n<h1 style=\"text-align: center;\"><span style=\"color: #800080;\">Anima\u00a0 &#8211; Anima-le<\/span><\/h1>\n<h2 style=\"text-align: center;\">Together<span style=\"color: #ff0000;\">dog\u00a0<\/span><\/h2>\n<h1><\/h1>\n<h1 class=\"p1\" style=\"text-align: center;\"><span class=\"s1\" style=\"color: #800080;\">Meditazione &#8211; Evoluzione Crescita Personale<\/span><\/h1>\n<h1 class=\"p1\" style=\"text-align: center;\"><span class=\"s1\" style=\"color: #800080;\">(le mie esperienze EVOLUTIVE)<\/span><\/h1>\n<h1 style=\"text-align: center;\"><span style=\"color: #800080;\">(per me stesso, per i cani, per le persone, per un mondo migliore)<\/span><\/h1>\n<p>&nbsp;<\/p>\n<p>&nbsp;<\/p>\n<h3><strong><span style=\"color: #800080;\">2018 &#8211; 2021:<\/span><\/strong><\/h3>\n<p><span style=\"color: #000000;\">Percorsi vari di meditazione guidata &#8211; Mindfulness- bagni di gong &#8211; Letture di Osho &#8211; percorsi letture\u00a0 di consapevolezza<\/span><\/p>\n<h3><span class=\"s1\"><span style=\"color: #800080;\"><strong>2014- 2018<span class=\"Apple-converted-space\"> :<\/span><\/strong><\/span><\/span><\/h3>\n<h3><span class=\"s1\" style=\"color: #000000;\"><strong>Percorso Meditazione Vipassana<\/strong> &#8211;<strong> Bagni di gong &#8211; Meditazione Guidata &#8211; I Chakra<\/strong> &#8211; <strong>lettura racconti Thich Nhat Hanh lettura racconti Dalai Lama e vari altri- <\/strong>\u00a0Maestra C.Sestini &#8211; Maestra P.Canale. Pergine Valdarno(Ar)<\/span><\/h3>\n<p><span class=\"s1\"><strong>La Meditazione Vipassana,<\/strong> la \u201cvisione profonda\u201d, \u00e8 orientata alla consapevolezza dei contenuti della mente, all\u2019osservazione dei pensieri, emozioni, e sensazioni fisiche presenti in ogni momento. La pratica prevede l\u2019ascolto del proprio respiro che serve da \u201cfocus\u201d a cui tornare ogni qualvolta la mente si distrae.<\/span><\/p>\n<p><strong>Chakra: <\/strong>in lingua sanscrito, \u00e8 una parola che significa \u201cruota, cerchio o disco\u201d, usata per rappresentare i centri energetici del nostro corpo, che hanno la missione di \u201cricevere e distribuire\u201d la nostra energia vitale.<\/p>\n<p>I chakra principali sono 7, hanno precise caratteristiche, ogni Chakra \u00e8\u00a0 associato a emozioni, sensazioni, funzionalit\u00e0 mentali, spirituali. In base alla posizione, alla sede che ogni chakra ha nel nostro organismo, viene associato ad esso anche la specifica ghiandola endocrina.<\/p>\n<p>Le ghiandole endocrine hanno la funzione di rilasciare nel corpo gli ormoni,\u00a0 la cui funzionalit\u00e0 \u00e8\u00a0 collegata ad uno stato di\u00a0 sano equilibrio che, se alterato, pu\u00f2 generare stress, ansia e un funzionamento poco buono dell\u2019organismo.<\/p>\n<h3><span style=\"color: #800080;\"><strong>2015\u00a0 Giugno &#8211; Ottobre <\/strong><\/span><\/h3>\n<p><span style=\"color: #000000;\"><strong>esperienza personale di Reiki<\/strong> operatrice <span class=\"s1\">Maestra P.Canale. Pergine Valdarno(Ar)<\/span><\/span><\/p>\n<p class=\"p1\">Il Reiki \u00e8 una pratica spirituale, usata come forma terapeutica alternativa per il trattamento di malanni fisici, emozionali e mentali. E&#8217; in pratica \u00e8 trasmissione d\u2019Energia a se stessi, agli altri, a cose, situazioni o animali. La trasmissione energetica avviene attraverso una delicata imposizione delle mani.<\/p>\n<h3 class=\"p2\"><span class=\"s1\"><span style=\"color: #800080;\"><strong>23 Gennaio 2016<span class=\"Apple-converted-space\">\u00a0 <\/span>Seminario Ho Oponopono<\/strong> <\/span><\/span><\/h3>\n<p class=\"p2\"><span class=\"s1\">&#8221; Identit\u00e0 del s\u00e9\u201c diretto da Giuseppe Cassone a Pergine Valdarno(Ar)<\/span><\/p>\n<p class=\"p2\"><span class=\"s1\">Il termine ho\u2019oponopono ha origine nelle Hawaii, si traduce letteralmente in rimettere le cose al proprio posto. E\u2019 poi diventato il nome di una filosofia di vita basata sul perdono e l\u2019accettazione. Non \u00e8<span class=\"Apple-converted-space\">\u00a0 <\/span>come una meditazione, tuttavia abbraccia molti concetti legati alle meditazioni orientali ed al buddhismo. <\/span><\/p>\n<p class=\"p2\"><span class=\"s1\">Questa<span class=\"Apple-converted-space\">\u00a0 <\/span>\u00e8 una tecnica Hawaiiana aggiornata per la risoluzione dei problemi, che rilascia le memorie che sono sperimentate come problemi.<\/span><\/p>\n<p class=\"p2\"><span class=\"s1\">Quando siamo disposti a prenderci la responsabilit\u00e0 al 100% e &#8220;lasciamo andare&#8221;, allora si manifesta quello che \u00e8 giusto e perfetto.<\/span><\/p>\n<p class=\"p2\"><span class=\"s1\">Questo procedimento aggiornato di Ho\u2019oponopono, fornisce \u201cun approccio passo passo per raggiungere Pace, Equilibrio e un nuovo significato della vita attraverso la comprensione della<span class=\"Apple-converted-space\">\u00a0 <\/span>propria I-Dentit\u00e0 del S\u00e9\u201d.<\/span><\/p>\n<p>&nbsp;<\/p>\n<p><span class=\"s1\"><span style=\"color: #800080;\"><strong>2017\u00a0 Esperienza Bagni di Gong<\/strong><\/span> <span style=\"color: #800080;\">&#8211; Meditazione Vibrazionale Guidata<\/span> . Maestra Costanza Sestini<span class=\"Apple-converted-space\">\u00a0 <\/span>&#8211; Maestra Patrizia Canale. Pergine Valdarno( Ar)<\/span><\/p>\n<p>Il bagno di gong \u00e8 un massaggio sonoro che avviene tramite vibrazioni di percussioni su dischi che emanano onde vibrazionali corrispondenti ai vari pianeti dell&#8217;universo( terra, sole, luna,\u00a0 etc)\u00a0 che\u00a0 fanno bene al nostro organismo, andando a curarlo in profondit\u00e0, a ristabilire un&#8217;armonia interna di cui beneficia tutto il corpo. Attraverso la percussione del gong nei riceventi vengono stimolate le onde alfa ma anche theta e delta, a livello cerebrale, a met\u00e0 tra il sonno e la veglia. In questo stato emergono intuizioni, si entra nel profondo, si muovono intuizioni.<\/p>\n<p>&nbsp;<\/p>\n<p><span style=\"color: #800080;\"><strong>2017-2018 Esperienze Percorsi\u00a0 sul Tao, Taoismo, Storia Medicina Cinese, Confucio, Lao Tzu, Meditazione, Cultura Filosofia Egizia<\/strong><\/span> &#8211; Insegnante Chiara presso C.E.A. Centro Studi Autoconoscenza sede di Montevarchi (Ar).<\/p>\n<p><em>*Ho partecipato a questo evento insieme al mio cane Sharon Pastore Svizzero Bianco, che \u00e8 stata\u00a0 presente con me in tutte le pratiche, si \u00e8 rilassata divertita, e io pure. Bellissima esperienza.<\/em><\/p>\n<p>Il Centro Studi dell&#8217;Autoconoscenza (CEA) \u00e8 formato da un insieme di persone di distinti paesi, professioni ed estrazione sociale, con un obiettivo comune: contribuire alla diffusione delle conoscenze teoriche e pratiche di cui ciascun uomo ha bisogno per il proprio sviluppo nell\u2019ambito umano, sociale, psicologico o spirituale.<\/p>\n<p>I suoi obiettivi e finalit\u00e0 sono la diffusione ad ogni essere umano, senza distinzione di razza, sesso, religione, credo o ceto sociale, della Psicologia dell\u2019Autoconoscenza a livello teorico e pratico, oltre che di aspetti trascendentali dell\u2019Antropologia, Storia, Cosmologia, Sociologia, Etica e Filosofia Orientale.<\/p>\n<p>&nbsp;<\/p>\n<p><strong><span style=\"color: #800080;\">2018 Domenica 6 maggio; Giornata<\/span> <span style=\"color: #800080;\">Olistica 9:30 -19:00 Yoga &#8211; Meditazione -Suono Terapia\u00a0<\/span><\/strong> a Incisa Valdarno(FI) presso Casa Petrarca. Maestri Simone Baldini Tosi &#8211; Francesco Sangalli.<\/p>\n<p>Programma della giornata Yoga:<\/p>\n<p>Introduzione Alla Giornata \u00a0E Alla Meditazione &#8211; Meditazione Seduta E Meditazione Camminata\u00a0Sessione Di Asana Differenziata Per Lignaggio<\/p>\n<div>\n<div>Pranzo a terra\u00a0 (Tutto Di Origine Vegetale, I Primi 15 Minuti In Silenzio) &#8211; Suono Terapia Rilassante &#8211; Filosofia Yoga- Sessione Di Pranayama &#8211; \u00a0Campane Tibetane &#8211; Rilassamento Profondo &#8211; Ha-tha yoga e\/o Ashtanga vinyas Yoga .<\/div>\n<div><\/div>\n<div><em>*Ho partecipato a questo evento insieme al mio cane Sharon Pastore Svizzero Bianco, che \u00e8 stata\u00a0 presente con me in tutte le pratiche, si \u00e8 rilassata divertita, e io pure. Bellissima esperienza.<\/em><\/div>\n<\/div>\n<div><\/div>\n<div><\/div>\n<p><span style=\"color: #800080;\"><strong>2018 Esperienze di\u00a0 3 mesi di Taichi Livello principiante<\/strong><\/span>, Insegnante Taichi LuciaPellegrini presso il circolo del Pestello in Montevarchi (Ar)\u00a0Scuola M\u00b0 Leonardo Castelli, VI Generazione Famiglia Yang, Caposcuola ITCCA Centro Italia.<\/p>\n<p>&nbsp;<\/p>\n<p><strong><span style=\"color: #800080;\">2018 Ottobre &#8211; Novembre\u00a0 serate Y<\/span><span style=\"color: #800080;\">oga &#8211; Meditazione &#8211; lettura racconti Thich Nhat Hanh &#8211;\u00a0<\/span><\/strong> a Terranuova Bracciolini (Ar)\u00a0 Maestro Simone Baldini Tosi<\/p>\n<p>&nbsp;<\/p>\n<p class=\"p2\"><span class=\"s1\"><span style=\"color: #800080;\"><strong>2019<span class=\"Apple-converted-space\">\u00a0 <\/span>Febbraio &#8211; Percorso Mindfulness<\/strong><\/span> (5 incontri\u00a0 da 2 ore cadauno) diretto dalla Dottoressa Maria Teresa Turrini &#8211; Docente Mindfulness &#8211; Laureata in Medicina Cinese MTC &#8211; Laureata in Agopuntura &#8211; <span class=\"Apple-converted-space\">\u00a0 <\/span>Maestra di Meditazione &#8211; Qi Gong &#8211; Taichi &#8211; Medico Ospedaliero . Corso effettuato presso la<span class=\"Apple-converted-space\">\u00a0 <\/span>Libera Universit\u00e0 del Valdarno localit\u00e0 Ginestra in Montevarchi (Ar)<\/span><\/p>\n<p>&nbsp;<\/p>\n<p><strong><span style=\"color: #800080;\">2919 Marzo &#8211; Yoga della risata<\/span><\/strong> serata esperenziale per conoscere questo tipo di pratica. Insegnante Noela Mugnai,\u00a0 <span class=\"s1\">presso Il Giardino delle Idee in Montevarchi (Ar)<\/span><\/p>\n<p>Lo Yoga della risata e\u0300 una pratica ideata dal Dott. Madan Kataria che permette a tutti di ridere senza motivo, senza l\u2019aiuto di barzellette o film comici. Si ride attraverso degli esercizi di risate, in gruppo, guardandosi negli occhi e tornando un po\u2019 bambini. Si recuperano un entusiasmo ed una capacita\u0300 di divertirsi e giocare, che nella maggior parte dei casi abbiamo perso, presi dallo stressante tran-tran quotidiano.<\/p>\n<p>&nbsp;<\/p>\n<p class=\"p2\"><span class=\"s1\"><span style=\"color: #800080;\"><strong style=\"color: #800080;\">2018-2019 -2020 attivit\u00e0 pratica percorso Qi Gong &#8211; Meditazione &#8211; Meditazione Guidata<\/strong><span style=\"color: #800080;\">, <\/span><b style=\"color: #800080;\">Chakra lettura racconti Thich Nhat Hanh &#8211;\u00a0 Serate Gruppo di <\/b><span style=\"color: #800080;\"><b>Pratica<\/b><\/span><b style=\"color: #800080;\"> secondo Plum Village Thich Nhat Hanh<\/b><\/span>\u00a0diretto <\/span><span class=\"s1\">dalla Dottoressa Maria Teresa Turrini &#8211; Docente Mindfulness &#8211; Laureata in Medicina Cinese MTC &#8211; Laureata in Agopuntura &#8211; <span class=\"Apple-converted-space\">\u00a0 <\/span>Maestra di Meditazione &#8211; Qi Gong Taichi &#8211; Medico Ospedaliero . Percorsi svolti presso Il Giardino delle Idee in Montevarchi (Ar)<\/span><\/p>\n<p>Q\u00ec G\u014dng \u00e8 una disciplina energetica millenaria che contempla movimenti dal centro interiore (dantien) coordinati con il respiro.\u00a0 Consiste in una serie di pratiche, di esercizi collegati alla medicina tradizionale cinese e un p\u00f2 alle arti marziali che prevedono la meditazione, la concentrazione mentale, il controllo della respirazione e particolari movimenti di esercizio fisico, si lavoro sia sul corpo che sugli organi. Il qi gong si pratica generalmente per\u00a0 la prevenzione e il mantenimento della buona salute e del benessere sia fisico sia psicologico, tramite la cura e l&#8217;accrescimento della propria energia interna (il Qi).<\/p>\n<p>A cosa serve Il Qi gong?\u00a0 E&#8217; l&#8217;arte di coltivare il Qi, accrescerlo, rafforzarlo e raffinarlo, attraverso tecniche esterne e spirituali: postura e movimento, concentrazione mentale e meditazione. Ottimi i risultati a livello dei vari sistemi che abitano il corpo. Ne beneficia infatti non solo il sistema nervoso, ma si potenzia anche il sistema immunitario, l&#8217;apparato cardiocircolatorio.<\/p>\n<p>Il Qi gong \u00e8 un lavoro sul qi, l&#8217;energia interna al corpo, il soffio vitale secondo la medicina tradizionale cinese. Esiste il Qi gong statico e dinamico, spesso inseriti in programmi di benessere che comprendono esercizi e automassaggi Taoisti, pratiche per migliorare la respirazione interna e per il potenziamento energetico.<\/p>\n<ul>\n<li><strong>Il Qi gong consente di:<\/strong><br \/>\nRafforzare le funzioni cerebrali;<br \/>\nSviluppare poteri psichici;<br \/>\nLavorare sulla formazione del carattere;<br \/>\nMigliorare lo stato di salute psicofisica.<\/li>\n<\/ul>\n<h3>Approfondimenti letture:<\/h3>\n<p><span class=\"s1\" style=\"color: #000000;\">Thich Nhat Hanh<\/span>, Osho, Dalai lama, Don Miguel Ruiz ,Sahdguru<\/p>\n<p class=\"p1\">\u2764\ufe0f\ud83d\ude4f\ud83d\udc3e\ud83d\udc3e\ud83d\udc3e<\/p>\n<p class=\"p2\">Stefano Pesci<\/p>\n<p class=\"p2\">Istruttore Educatore Cinofilo Comportamentale<\/p>\n<p class=\"p2\">Esperto Riconoscitore dei Micro segnali Linguaggio Emozioni Comportamento Segnali Calmanti Stress Benessere del cane, Relazione Empatica persona cane<\/p>\n<p class=\"p2\">Ideatore del \u201cMetodo Togetherdog\u201d<\/p>\n<p>Ricercatore del Vero<\/p>\n<p>&nbsp;<\/p>\n<p><a href=\"https:\/\/istruttorecinofilo.it\/blog\/contatti-dal-sito\/\"><img decoding=\"async\" class=\"size-full wp-image-3991 aligncenter\" src=\"https:\/\/istruttorecinofilo.it\/blog\/wp-content\/uploads\/2020\/04\/Namaste_snoopy.jpg\" alt=\"MEDITAZIONE EVOLUZIONE PERSONALE - STEFANO PESCI ISTRUTTORE EDUCATORE CINOFILO COMPORTAMENTALE\" width=\"236\" height=\"236\" srcset=\"https:\/\/istruttorecinofilo.it\/blog\/wp-content\/uploads\/2020\/04\/Namaste_snoopy-66x66.jpg 66w, https:\/\/istruttorecinofilo.it\/blog\/wp-content\/uploads\/2020\/04\/Namaste_snoopy-150x150.jpg 150w, https:\/\/istruttorecinofilo.it\/blog\/wp-content\/uploads\/2020\/04\/Namaste_snoopy-200x200.jpg 200w, https:\/\/istruttorecinofilo.it\/blog\/wp-content\/uploads\/2020\/04\/Namaste_snoopy.jpg 236w\" sizes=\"(max-width: 236px) 100vw, 236px\" \/><\/a><\/p>\n","protected":false},"excerpt":{"rendered":"<p>La mia passione per i cani, mi ha portato a studiare oltre al loro linguaggio, comportamento, segnali, anche le loro emozioni e l&#8217;influenza che le [&hellip;]<\/p>\n","protected":false},"author":1,"featured_media":3955,"parent":0,"menu_order":0,"comment_status":"closed","ping_status":"closed","template":"","meta":{"footnotes":""},"class_list":["post-3949","page","type-page","status-publish","has-post-thumbnail","hentry"],"yoast_head":"<!-- This site is optimized with the Yoast SEO plugin v27.9 - https:\/\/yoast.com\/product\/yoast-seo-wordpress\/ -->\n<title>Meditazione - Evoluzione Personale - Istruttore Cinofilo - Stefano Pesci<\/title>\n<meta name=\"description\" content=\"I miei percorsi evolutivi, di crescita interiore, collegati sia alla sfera personale, professionale, anima-le, cani, persone, mondo.\" \/>\n<meta name=\"robots\" content=\"index, follow, max-snippet:-1, max-image-preview:large, max-video-preview:-1\" \/>\n<link rel=\"canonical\" href=\"https:\/\/istruttorecinofilo.it\/blog\/meditazione-evoluzione-personale\/\" \/>\n<meta property=\"og:locale\" content=\"it_IT\" \/>\n<meta property=\"og:type\" content=\"article\" \/>\n<meta property=\"og:title\" content=\"Meditazione - Evoluzione Personale - Istruttore Cinofilo - Stefano Pesci\" \/>\n<meta property=\"og:description\" content=\"I miei percorsi evolutivi, di crescita interiore, collegati sia alla sfera personale, professionale, anima-le, cani, persone, mondo.\" \/>\n<meta property=\"og:url\" content=\"https:\/\/istruttorecinofilo.it\/blog\/meditazione-evoluzione-personale\/\" \/>\n<meta property=\"og:site_name\" content=\"Istruttore Cinofilo - Stefano Pesci\" \/>\n<meta property=\"article:publisher\" content=\"https:\/\/www.facebook.com\/togetherdog\/\" \/>\n<meta property=\"article:modified_time\" content=\"2026-01-04T15:38:23+00:00\" \/>\n<meta property=\"og:image\" content=\"https:\/\/istruttorecinofilo.it\/blog\/wp-content\/uploads\/2020\/04\/Stefano_Sharon_pos_Yoga.jpg\" \/>\n\t<meta property=\"og:image:width\" content=\"2048\" \/>\n\t<meta property=\"og:image:height\" content=\"1152\" \/>\n\t<meta property=\"og:image:type\" content=\"image\/jpeg\" \/>\n<meta name=\"twitter:card\" content=\"summary_large_image\" \/>\n<meta name=\"twitter:label1\" content=\"Tempo di lettura stimato\" \/>\n\t<meta name=\"twitter:data1\" content=\"8 minuti\" \/>\n<script type=\"application\/ld+json\" class=\"yoast-schema-graph\">{\"@context\":\"https:\\\/\\\/schema.org\",\"@graph\":[{\"@type\":\"WebPage\",\"@id\":\"https:\\\/\\\/istruttorecinofilo.it\\\/blog\\\/meditazione-evoluzione-personale\\\/\",\"url\":\"https:\\\/\\\/istruttorecinofilo.it\\\/blog\\\/meditazione-evoluzione-personale\\\/\",\"name\":\"Meditazione - Evoluzione Personale - Istruttore Cinofilo - Stefano Pesci\",\"isPartOf\":{\"@id\":\"https:\\\/\\\/istruttorecinofilo.it\\\/blog\\\/#website\"},\"primaryImageOfPage\":{\"@id\":\"https:\\\/\\\/istruttorecinofilo.it\\\/blog\\\/meditazione-evoluzione-personale\\\/#primaryimage\"},\"image\":{\"@id\":\"https:\\\/\\\/istruttorecinofilo.it\\\/blog\\\/meditazione-evoluzione-personale\\\/#primaryimage\"},\"thumbnailUrl\":\"https:\\\/\\\/istruttorecinofilo.it\\\/blog\\\/wp-content\\\/uploads\\\/2020\\\/04\\\/Stefano_Sharon_pos_Yoga.jpg\",\"datePublished\":\"2020-04-21T14:34:19+00:00\",\"dateModified\":\"2026-01-04T15:38:23+00:00\",\"description\":\"I miei percorsi evolutivi, di crescita interiore, collegati sia alla sfera personale, professionale, anima-le, cani, persone, mondo.\",\"breadcrumb\":{\"@id\":\"https:\\\/\\\/istruttorecinofilo.it\\\/blog\\\/meditazione-evoluzione-personale\\\/#breadcrumb\"},\"inLanguage\":\"it-IT\",\"potentialAction\":[{\"@type\":\"ReadAction\",\"target\":[\"https:\\\/\\\/istruttorecinofilo.it\\\/blog\\\/meditazione-evoluzione-personale\\\/\"]}]},{\"@type\":\"ImageObject\",\"inLanguage\":\"it-IT\",\"@id\":\"https:\\\/\\\/istruttorecinofilo.it\\\/blog\\\/meditazione-evoluzione-personale\\\/#primaryimage\",\"url\":\"https:\\\/\\\/istruttorecinofilo.it\\\/blog\\\/wp-content\\\/uploads\\\/2020\\\/04\\\/Stefano_Sharon_pos_Yoga.jpg\",\"contentUrl\":\"https:\\\/\\\/istruttorecinofilo.it\\\/blog\\\/wp-content\\\/uploads\\\/2020\\\/04\\\/Stefano_Sharon_pos_Yoga.jpg\",\"width\":2048,\"height\":1152,\"caption\":\"MEDITAZIONE EVOLUZIONE PERSONALE - STEFANO PESCI ISTRUTTORE EDUCATORE CINOFILO COMPORTAMENTALE\"},{\"@type\":\"BreadcrumbList\",\"@id\":\"https:\\\/\\\/istruttorecinofilo.it\\\/blog\\\/meditazione-evoluzione-personale\\\/#breadcrumb\",\"itemListElement\":[{\"@type\":\"ListItem\",\"position\":1,\"name\":\"Home\",\"item\":\"https:\\\/\\\/istruttorecinofilo.it\\\/blog\\\/\"},{\"@type\":\"ListItem\",\"position\":2,\"name\":\"Meditazione &#8211; Evoluzione Personale\"}]},{\"@type\":\"WebSite\",\"@id\":\"https:\\\/\\\/istruttorecinofilo.it\\\/blog\\\/#website\",\"url\":\"https:\\\/\\\/istruttorecinofilo.it\\\/blog\\\/\",\"name\":\"Istruttore Cinofilo - Stefano Pesci\",\"description\":\"Istruttore Educatore Cinofilo Comportamentale: Esperto in Microsegnali. La connessione \u00e8 un flusso bidirezionale: guidare l&#039;umano per comprendere il cane.\",\"potentialAction\":[{\"@type\":\"SearchAction\",\"target\":{\"@type\":\"EntryPoint\",\"urlTemplate\":\"https:\\\/\\\/istruttorecinofilo.it\\\/blog\\\/?s={search_term_string}\"},\"query-input\":{\"@type\":\"PropertyValueSpecification\",\"valueRequired\":true,\"valueName\":\"search_term_string\"}}],\"inLanguage\":\"it-IT\"}]}<\/script>\n<!-- \/ Yoast SEO plugin. -->","yoast_head_json":{"title":"Meditazione - Evoluzione Personale - Istruttore Cinofilo - Stefano Pesci","description":"I miei percorsi evolutivi, di crescita interiore, collegati sia alla sfera personale, professionale, anima-le, cani, persone, mondo.","robots":{"index":"index","follow":"follow","max-snippet":"max-snippet:-1","max-image-preview":"max-image-preview:large","max-video-preview":"max-video-preview:-1"},"canonical":"https:\/\/istruttorecinofilo.it\/blog\/meditazione-evoluzione-personale\/","og_locale":"it_IT","og_type":"article","og_title":"Meditazione - Evoluzione Personale - Istruttore Cinofilo - Stefano Pesci","og_description":"I miei percorsi evolutivi, di crescita interiore, collegati sia alla sfera personale, professionale, anima-le, cani, persone, mondo.","og_url":"https:\/\/istruttorecinofilo.it\/blog\/meditazione-evoluzione-personale\/","og_site_name":"Istruttore Cinofilo - Stefano Pesci","article_publisher":"https:\/\/www.facebook.com\/togetherdog\/","article_modified_time":"2026-01-04T15:38:23+00:00","og_image":[{"width":2048,"height":1152,"url":"https:\/\/istruttorecinofilo.it\/blog\/wp-content\/uploads\/2020\/04\/Stefano_Sharon_pos_Yoga.jpg","type":"image\/jpeg"}],"twitter_card":"summary_large_image","twitter_misc":{"Tempo di lettura stimato":"8 minuti"},"schema":{"@context":"https:\/\/schema.org","@graph":[{"@type":"WebPage","@id":"https:\/\/istruttorecinofilo.it\/blog\/meditazione-evoluzione-personale\/","url":"https:\/\/istruttorecinofilo.it\/blog\/meditazione-evoluzione-personale\/","name":"Meditazione - Evoluzione Personale - Istruttore Cinofilo - Stefano Pesci","isPartOf":{"@id":"https:\/\/istruttorecinofilo.it\/blog\/#website"},"primaryImageOfPage":{"@id":"https:\/\/istruttorecinofilo.it\/blog\/meditazione-evoluzione-personale\/#primaryimage"},"image":{"@id":"https:\/\/istruttorecinofilo.it\/blog\/meditazione-evoluzione-personale\/#primaryimage"},"thumbnailUrl":"https:\/\/istruttorecinofilo.it\/blog\/wp-content\/uploads\/2020\/04\/Stefano_Sharon_pos_Yoga.jpg","datePublished":"2020-04-21T14:34:19+00:00","dateModified":"2026-01-04T15:38:23+00:00","description":"I miei percorsi evolutivi, di crescita interiore, collegati sia alla sfera personale, professionale, anima-le, cani, persone, mondo.","breadcrumb":{"@id":"https:\/\/istruttorecinofilo.it\/blog\/meditazione-evoluzione-personale\/#breadcrumb"},"inLanguage":"it-IT","potentialAction":[{"@type":"ReadAction","target":["https:\/\/istruttorecinofilo.it\/blog\/meditazione-evoluzione-personale\/"]}]},{"@type":"ImageObject","inLanguage":"it-IT","@id":"https:\/\/istruttorecinofilo.it\/blog\/meditazione-evoluzione-personale\/#primaryimage","url":"https:\/\/istruttorecinofilo.it\/blog\/wp-content\/uploads\/2020\/04\/Stefano_Sharon_pos_Yoga.jpg","contentUrl":"https:\/\/istruttorecinofilo.it\/blog\/wp-content\/uploads\/2020\/04\/Stefano_Sharon_pos_Yoga.jpg","width":2048,"height":1152,"caption":"MEDITAZIONE EVOLUZIONE PERSONALE - STEFANO PESCI ISTRUTTORE EDUCATORE CINOFILO COMPORTAMENTALE"},{"@type":"BreadcrumbList","@id":"https:\/\/istruttorecinofilo.it\/blog\/meditazione-evoluzione-personale\/#breadcrumb","itemListElement":[{"@type":"ListItem","position":1,"name":"Home","item":"https:\/\/istruttorecinofilo.it\/blog\/"},{"@type":"ListItem","position":2,"name":"Meditazione &#8211; Evoluzione Personale"}]},{"@type":"WebSite","@id":"https:\/\/istruttorecinofilo.it\/blog\/#website","url":"https:\/\/istruttorecinofilo.it\/blog\/","name":"Istruttore Cinofilo - Stefano Pesci","description":"Istruttore Educatore Cinofilo Comportamentale: Esperto in Microsegnali. La connessione \u00e8 un flusso bidirezionale: guidare l&#039;umano per comprendere il cane.","potentialAction":[{"@type":"SearchAction","target":{"@type":"EntryPoint","urlTemplate":"https:\/\/istruttorecinofilo.it\/blog\/?s={search_term_string}"},"query-input":{"@type":"PropertyValueSpecification","valueRequired":true,"valueName":"search_term_string"}}],"inLanguage":"it-IT"}]}},"_links":{"self":[{"href":"https:\/\/istruttorecinofilo.it\/blog\/wp-json\/wp\/v2\/pages\/3949","targetHints":{"allow":["GET"]}}],"collection":[{"href":"https:\/\/istruttorecinofilo.it\/blog\/wp-json\/wp\/v2\/pages"}],"about":[{"href":"https:\/\/istruttorecinofilo.it\/blog\/wp-json\/wp\/v2\/types\/page"}],"author":[{"embeddable":true,"href":"https:\/\/istruttorecinofilo.it\/blog\/wp-json\/wp\/v2\/users\/1"}],"replies":[{"embeddable":true,"href":"https:\/\/istruttorecinofilo.it\/blog\/wp-json\/wp\/v2\/comments?post=3949"}],"version-history":[{"count":56,"href":"https:\/\/istruttorecinofilo.it\/blog\/wp-json\/wp\/v2\/pages\/3949\/revisions"}],"predecessor-version":[{"id":13891,"href":"https:\/\/istruttorecinofilo.it\/blog\/wp-json\/wp\/v2\/pages\/3949\/revisions\/13891"}],"wp:featuredmedia":[{"embeddable":true,"href":"https:\/\/istruttorecinofilo.it\/blog\/wp-json\/wp\/v2\/media\/3955"}],"wp:attachment":[{"href":"https:\/\/istruttorecinofilo.it\/blog\/wp-json\/wp\/v2\/media?parent=3949"}],"curies":[{"name":"wp","href":"https:\/\/api.w.org\/{rel}","templated":true}]}}